{"id":16,"date":"2019-08-17T16:44:59","date_gmt":"2019-08-17T16:44:59","guid":{"rendered":"https:\/\/jupiterx.artbees.net\/psychologist\/?page_id=16"},"modified":"2026-02-25T13:43:25","modified_gmt":"2026-02-25T13:43:25","slug":"equip-medic","status":"publish","type":"page","link":"https:\/\/psiquiatriapsicologiabarcelona.com\/ca\/equip-medic\/","title":{"rendered":"EQUIP M\u00c8DIC"},"content":{"rendered":"\t\t<div data-elementor-type=\"wp-post\" data-elementor-id=\"16\" class=\"elementor elementor-16\">\n\t\t\t\t\t\t<section class=\"elementor-section elementor-inner-section elementor-element elementor-element-0d4baa9 elementor-section-boxed elementor-section-height-default elementor-section-height-default\" data-id=\"0d4baa9\" data-element_type=\"section\" data-e-type=\"section\">\n\t\t\t\t\t\t<div class=\"elementor-container elementor-column-gap-default\">\n\t\t\t\t\t<div class=\"elementor-column elementor-col-33 elementor-inner-column elementor-element elementor-element-b12c2fa\" data-id=\"b12c2fa\" data-element_type=\"column\" data-e-type=\"column\">\n\t\t\t<div class=\"elementor-widget-wrap elementor-element-populated\">\n\t\t\t\t\t\t<div class=\"elementor-element elementor-element-c9c816e elementor-invisible elementor-widget elementor-widget-raven-image\" data-id=\"c9c816e\" data-element_type=\"widget\" data-e-type=\"widget\" data-settings=\"{&quot;_animation&quot;:&quot;slideInLeft&quot;}\" data-widget_type=\"raven-image.default\">\n\t\t\t\t<div class=\"elementor-widget-container\">\n\t\t\t\t\t\t\t<div class=\"raven-image\">\n\t\t\n\t\t\n\t\t<img fetchpriority=\"high\" decoding=\"async\" width=\"1181\" height=\"1720\" src=\"https:\/\/psiquiatriapsicologiabarcelona.com\/ca\/wp-content\/uploads\/2020\/08\/Manuel-Valdes-Miyar.png\" class=\"attachment-full size-full wp-image-1064\" alt=\"Manuel-Valdes-Miyar-Psiquiatra\" srcset=\"https:\/\/psiquiatriapsicologiabarcelona.com\/ca\/wp-content\/uploads\/2020\/08\/Manuel-Valdes-Miyar.png 1181w, https:\/\/psiquiatriapsicologiabarcelona.com\/ca\/wp-content\/uploads\/2020\/08\/Manuel-Valdes-Miyar-206x300.png 206w, https:\/\/psiquiatriapsicologiabarcelona.com\/ca\/wp-content\/uploads\/2020\/08\/Manuel-Valdes-Miyar-703x1024.png 703w, https:\/\/psiquiatriapsicologiabarcelona.com\/ca\/wp-content\/uploads\/2020\/08\/Manuel-Valdes-Miyar-768x1119.png 768w, https:\/\/psiquiatriapsicologiabarcelona.com\/ca\/wp-content\/uploads\/2020\/08\/Manuel-Valdes-Miyar-1055x1536.png 1055w\" sizes=\"(max-width: 1181px) 100vw, 1181px\" \/>\t\t<\/div>\n\t\t\t\t\t\t<\/div>\n\t\t\t\t<\/div>\n\t\t\t\t\t<\/div>\n\t\t<\/div>\n\t\t\t\t<div class=\"elementor-column elementor-col-33 elementor-inner-column elementor-element elementor-element-ca769d6\" data-id=\"ca769d6\" data-element_type=\"column\" data-e-type=\"column\">\n\t\t\t<div class=\"elementor-widget-wrap\">\n\t\t\t\t\t\t\t<\/div>\n\t\t<\/div>\n\t\t\t\t<div class=\"elementor-column elementor-col-33 elementor-inner-column elementor-element elementor-element-42bb148\" data-id=\"42bb148\" data-element_type=\"column\" data-e-type=\"column\">\n\t\t\t<div class=\"elementor-widget-wrap elementor-element-populated\">\n\t\t\t\t\t\t<div class=\"elementor-element elementor-element-66994dd elementor-widget elementor-widget-text-editor\" data-id=\"66994dd\" data-element_type=\"widget\" data-e-type=\"widget\" data-widget_type=\"text-editor.default\">\n\t\t\t\t<div class=\"elementor-widget-container\">\n\t\t\t\t\t\t\t\t\t<h3 class=\"elementor-image-box-title elementor-inline-editing pen\" style=\"margin-bottom: 20px; background-color: rgba(255, 255, 255, 0.9);\" data-elementor-setting-key=\"title_text\" data-elementor-inline-editing-toolbar=\"none\" data-pen-placeholder=\"Teclea aqu\u00ed...\"><strong>MANUEL VALD\u00c9S<\/strong><br \/><em>METGE PSIQUIATRE<\/em><\/h3>\t\t\t\t\t\t\t\t<\/div>\n\t\t\t\t<\/div>\n\t\t\t\t<div class=\"elementor-element elementor-element-c0f3a9c elementor-widget elementor-widget-text-editor\" data-id=\"c0f3a9c\" data-element_type=\"widget\" data-e-type=\"widget\" data-widget_type=\"text-editor.default\">\n\t\t\t\t<div class=\"elementor-widget-container\">\n\t\t\t\t\t\t\t\t\t<p>Exerceix la psiquiatria general des de l&#8217;any 1974 amb una pr\u00e0ctica cl\u00ednica que integra tractaments psicofarmacol\u00f2gics, psicol\u00f2gics i conductuals. Forma part, des del 1980, del Servei de Psiquiatria i Psicologia\u00a0 de l&#8217;Hospital Cl\u00ednic de Barcelona. En aquest mateix centre va ser, entre 1984 i 2004, cap de secci\u00f3 de Medicina Psicosom\u00e0tica, cap del Servei de Psiquiatria i director de l&#8217;Institut Cl\u00ednic de Psiquiatria i Psicologia Cl\u00ednica. Del 2004 fins al 2012 fou director de l&#8217;Institut Cl\u00ednic de Neuroci\u00e8ncies. Des del 2001 \u00e9s consultor senior.<\/p><p>Membre, des del 1986, de l&#8217;Institut d&#8217;Investigacions Biom\u00e8diques August Pi i Sunyer (IDIBAPS), ha signat 180 publicacions que inclouen llibres, cap\u00edtols de llibres i articles en revistes nacionals i internacionals, sobre \u00e0mbits com ara la psicobiologia de l&#8217;adaptaci\u00f3 i l&#8217;estr\u00e8s, la medicina psicosom\u00e0tica, la personalitat i l&#8217;epistemologia psiqui\u00e0trica.<\/p><p>Entre el 1986 i el 2012 va ser Professor Titular de Psiquiatria de la Facultat de Medicina de la Universitat de Barcelona (UB) i l&#8217;any 2012 va assolir el t\u00edtol de catedr\u00e0tic de Psiquiatria.<\/p>\t\t\t\t\t\t\t\t<\/div>\n\t\t\t\t<\/div>\n\t\t\t\t\t<\/div>\n\t\t<\/div>\n\t\t\t\t\t<\/div>\n\t\t<\/section>\n\t\t\t\t<section class=\"elementor-section elementor-inner-section elementor-element elementor-element-ee8fa85 elementor-section-boxed elementor-section-height-default elementor-section-height-default\" data-id=\"ee8fa85\" data-element_type=\"section\" data-e-type=\"section\">\n\t\t\t\t\t\t<div class=\"elementor-container elementor-column-gap-default\">\n\t\t\t\t\t<div class=\"elementor-column elementor-col-33 elementor-inner-column elementor-element elementor-element-0e11a41\" data-id=\"0e11a41\" data-element_type=\"column\" data-e-type=\"column\">\n\t\t\t<div class=\"elementor-widget-wrap elementor-element-populated\">\n\t\t\t\t\t\t<div class=\"elementor-element elementor-element-d4bad2f elementor-widget elementor-widget-text-editor\" data-id=\"d4bad2f\" data-element_type=\"widget\" data-e-type=\"widget\" data-widget_type=\"text-editor.default\">\n\t\t\t\t<div class=\"elementor-widget-container\">\n\t\t\t\t\t\t\t\t\t<h3 class=\"elementor-image-box-title elementor-inline-editing pen\" style=\"margin-bottom: 20px; background-color: rgba(255, 255, 255, 0.9);\" data-elementor-setting-key=\"title_text\" data-elementor-inline-editing-toolbar=\"none\" data-pen-placeholder=\"Teclea aqu\u00ed...\"><strong>ROSA SENDER<\/strong>\n<em>METGESSA PSIQUIATRE<\/em><\/h3>\t\t\t\t\t\t\t\t<\/div>\n\t\t\t\t<\/div>\n\t\t\t\t<div class=\"elementor-element elementor-element-c5550a3 elementor-widget elementor-widget-text-editor\" data-id=\"c5550a3\" data-element_type=\"widget\" data-e-type=\"widget\" data-widget_type=\"text-editor.default\">\n\t\t\t\t<div class=\"elementor-widget-container\">\n\t\t\t\t\t\t\t\t\t<p>Llicenciada en Medicina, doctora en Medicina i especialista en Psiquiatria, \u00e9s tamb\u00e9 diplomada per l&#8217;Escola de Psicologia Aplicada de la Universitat de Barcelona (UB).<\/p><p>Va ser metge resident a l&#8217;Hospital Cl\u00ednic de Barcelona. D&#8217;aleshores en\u00e7\u00e0, ha dut a terme una pr\u00e0ctica cl\u00ednica ininterrompuda en tots els camps de la patologia psiqui\u00e0trica.<\/p><p>Entre el 1976 i el 2006 va ser professora de la Facultat de Medicina de la UB. Durant aquell per\u00edode, va organitzar i coordinar el Programa d&#8217;Atenci\u00f3 Psicol\u00f2gica als Estudiants de Medicina, un servei de car\u00e0cter assistencial, preventiu i d&#8217;investigaci\u00f3. Va rebre tamb\u00e9 l&#8217;acreditaci\u00f3 de l&#8217;Ag\u00e8ncia per a la Qualitat del Sistema Universitari de Catalunya (AQU) com a professora lectora i professora col\u00b7laboradora en Ci\u00e8ncies de la Salut.<\/p><p>Col\u00b7labora en nombrosos cursos de formaci\u00f3, en postgraus i m\u00e0sters, en particular en aquells que estan vinculats amb la medicina psicosom\u00e0tica, els estressors, g\u00e8nere i estressors laborals, i en la patologia psicosom\u00e0tica.<\/p><p>Aquesta activitat resta palesa com a autora de llibres, publicacions cient\u00edfiques i pon\u00e8ncies en congressos.<\/p><p>Ha col\u00b7laborat amb el m\u00f3n editorial cient\u00edfic com a traductora, informadora i assessora en temes de salut mental. Tamb\u00e9 ha signat col\u00b7laboracions espor\u00e0diques en premsa.<\/p>\t\t\t\t\t\t\t\t<\/div>\n\t\t\t\t<\/div>\n\t\t\t\t\t<\/div>\n\t\t<\/div>\n\t\t\t\t<div class=\"elementor-column elementor-col-33 elementor-inner-column elementor-element elementor-element-a6710cd\" data-id=\"a6710cd\" data-element_type=\"column\" data-e-type=\"column\">\n\t\t\t<div class=\"elementor-widget-wrap\">\n\t\t\t\t\t\t\t<\/div>\n\t\t<\/div>\n\t\t\t\t<div class=\"elementor-column elementor-col-33 elementor-inner-column elementor-element elementor-element-6d64265\" data-id=\"6d64265\" data-element_type=\"column\" data-e-type=\"column\">\n\t\t\t<div class=\"elementor-widget-wrap elementor-element-populated\">\n\t\t\t\t\t\t<div class=\"elementor-element elementor-element-4cf14d8e elementor-invisible elementor-widget elementor-widget-raven-image\" data-id=\"4cf14d8e\" data-element_type=\"widget\" data-e-type=\"widget\" data-settings=\"{&quot;_animation&quot;:&quot;slideInLeft&quot;}\" data-widget_type=\"raven-image.default\">\n\t\t\t\t<div class=\"elementor-widget-container\">\n\t\t\t\t\t\t\t<div class=\"raven-image\">\n\t\t\n\t\t\n\t\t<img decoding=\"async\" width=\"1181\" height=\"1720\" src=\"https:\/\/psiquiatriapsicologiabarcelona.com\/ca\/wp-content\/uploads\/2020\/07\/rosa-sender1.png\" class=\"attachment-full size-full wp-image-915\" alt=\"\" srcset=\"https:\/\/psiquiatriapsicologiabarcelona.com\/ca\/wp-content\/uploads\/2020\/07\/rosa-sender1.png 1181w, https:\/\/psiquiatriapsicologiabarcelona.com\/ca\/wp-content\/uploads\/2020\/07\/rosa-sender1-206x300.png 206w, https:\/\/psiquiatriapsicologiabarcelona.com\/ca\/wp-content\/uploads\/2020\/07\/rosa-sender1-703x1024.png 703w, https:\/\/psiquiatriapsicologiabarcelona.com\/ca\/wp-content\/uploads\/2020\/07\/rosa-sender1-768x1119.png 768w, https:\/\/psiquiatriapsicologiabarcelona.com\/ca\/wp-content\/uploads\/2020\/07\/rosa-sender1-1055x1536.png 1055w\" sizes=\"(max-width: 1181px) 100vw, 1181px\" \/>\t\t<\/div>\n\t\t\t\t\t\t<\/div>\n\t\t\t\t<\/div>\n\t\t\t\t\t<\/div>\n\t\t<\/div>\n\t\t\t\t\t<\/div>\n\t\t<\/section>\n\t\t\t\t<section class=\"elementor-section elementor-inner-section elementor-element elementor-element-73ae0a70 elementor-section-boxed elementor-section-height-default elementor-section-height-default\" data-id=\"73ae0a70\" data-element_type=\"section\" data-e-type=\"section\">\n\t\t\t\t\t\t<div class=\"elementor-container elementor-column-gap-default\">\n\t\t\t\t\t<div class=\"elementor-column elementor-col-33 elementor-inner-column elementor-element elementor-element-2dc8c217\" data-id=\"2dc8c217\" data-element_type=\"column\" data-e-type=\"column\">\n\t\t\t<div class=\"elementor-widget-wrap elementor-element-populated\">\n\t\t\t\t\t\t<div class=\"elementor-element elementor-element-4fd8ba0 elementor-invisible elementor-widget elementor-widget-raven-image\" data-id=\"4fd8ba0\" data-element_type=\"widget\" data-e-type=\"widget\" data-settings=\"{&quot;_animation&quot;:&quot;slideInLeft&quot;}\" data-widget_type=\"raven-image.default\">\n\t\t\t\t<div class=\"elementor-widget-container\">\n\t\t\t\t\t\t\t<div class=\"raven-image\">\n\t\t\n\t\t\n\t\t<img decoding=\"async\" width=\"415\" height=\"604\" src=\"https:\/\/psiquiatriapsicologiabarcelona.com\/ca\/wp-content\/uploads\/2026\/02\/maria-alberto-equipo.png\" class=\"attachment-full size-full wp-image-1331\" alt=\"maria-alberto-equipo\" srcset=\"https:\/\/psiquiatriapsicologiabarcelona.com\/ca\/wp-content\/uploads\/2026\/02\/maria-alberto-equipo.png 415w, https:\/\/psiquiatriapsicologiabarcelona.com\/ca\/wp-content\/uploads\/2026\/02\/maria-alberto-equipo-206x300.png 206w\" sizes=\"(max-width: 415px) 100vw, 415px\" \/>\t\t<\/div>\n\t\t\t\t\t\t<\/div>\n\t\t\t\t<\/div>\n\t\t\t\t\t<\/div>\n\t\t<\/div>\n\t\t\t\t<div class=\"elementor-column elementor-col-33 elementor-inner-column elementor-element elementor-element-6f904143\" data-id=\"6f904143\" data-element_type=\"column\" data-e-type=\"column\">\n\t\t\t<div class=\"elementor-widget-wrap\">\n\t\t\t\t\t\t\t<\/div>\n\t\t<\/div>\n\t\t\t\t<div class=\"elementor-column elementor-col-33 elementor-inner-column elementor-element elementor-element-29b0459e\" data-id=\"29b0459e\" data-element_type=\"column\" data-e-type=\"column\">\n\t\t\t<div class=\"elementor-widget-wrap elementor-element-populated\">\n\t\t\t\t\t\t<div class=\"elementor-element elementor-element-1e90e001 elementor-widget elementor-widget-text-editor\" data-id=\"1e90e001\" data-element_type=\"widget\" data-e-type=\"widget\" data-widget_type=\"text-editor.default\">\n\t\t\t\t<div class=\"elementor-widget-container\">\n\t\t\t\t\t\t\t\t\t<h3 class=\"elementor-image-box-title elementor-inline-editing pen\" style=\"margin-bottom: 20px; background-color: rgba(255, 255, 255, 0.9);\" data-elementor-setting-key=\"title_text\" data-elementor-inline-editing-toolbar=\"none\" data-pen-placeholder=\"Teclea aqu\u00ed...\"><strong>MARIA ALBERTO MARC\u00daS<\/strong><br \/><em>METGESSA PSIQUIATRA<\/em><\/h3>\t\t\t\t\t\t\t\t<\/div>\n\t\t\t\t<\/div>\n\t\t\t\t<div class=\"elementor-element elementor-element-52ba4f73 elementor-widget elementor-widget-text-editor\" data-id=\"52ba4f73\" data-element_type=\"widget\" data-e-type=\"widget\" data-widget_type=\"text-editor.default\">\n\t\t\t\t<div class=\"elementor-widget-container\">\n\t\t\t\t\t\t\t\t\t<p>Metge especialista en Psiquiatria, formaci\u00f3 via MIR al Hospital Universitari M\u00fatua Terrassa. Barcelona.<\/p><p>Programa de Doctorat en Psiquiatria i Psicologia M\u00e8dica, obtenint el reconeixement de Sufici\u00e8ncia Investigadora. Facultat de Medicina. Universitat Aut\u00f2noma de Barcelona.<\/p><p>Experi\u00e8ncia hospital\u00e0ria en la sanitat p\u00fablica des de 2001. Metge Adjunt 2001-2004 amb activitat assistencial en el Centre de salut mental Hospital Universitari M\u00fatua Terrassa y Unitat Trastorns conducta Alimentaria (UTCA).<\/p><p>Coordinadora de la unitat d\u2019hospitalitzaci\u00f3 Subaguts FAMT (Fundaci\u00f3 Assistencial M\u00fatua Terrassa) del 2004 al 2023.<\/p><p>Psiquiatra Adjunt a la Unitat Subaguts Numancia del 2023 fins l\u2019actualitat.<\/p><p>Psiquiatra Cl\u00ednica en l\u2019\u00e0mbit privat des de 2001. Pr\u00e0ctica Cl\u00ednica en trastorns psic\u00f2tics, trastorns depressius, trastorns d\u2019ansietat i TOC en ADULTS.<\/p><p>Col\u00b7laboradora docent en la formaci\u00f3 pr\u00e0ctica de llicenciats de Psicologia en el marc del M\u00e1ster de Psicopatologia Cl\u00ednica del Adult de la Universitat Aut\u00f2noma de Barcelona (2010-2014). Departament de Psicologia Cl\u00ednica y de la Salut. Facultat de Psicologia. Universitat Aut\u00f2noma de Barcelona.<\/p><p>Premi a l\u2019Excel\u00b7l\u00e8ncia Professional 2014. Concedit pel Col\u00b7legi de Metges de Barcelona.<\/p><p>Docent de l\u2019assignatura de Psiquiatria de la Universitat de Barcelona, durant el temps treballat a FAMT.<\/p><p>Publicacions y assist\u00e8ncies en l\u2019\u00e0mbit nacional i internacional. Col\u00b7laboraci\u00f3 en cap\u00edtols de llibres sobre Guies Terap\u00e8utiques i Cl\u00edniques en Psiquiatria i Psicologia.<\/p><p>Membre del Consell de Redacci\u00f3 de la Revista Psicosom\u00e0tica y Psiquiatria des de 2021.<\/p>\t\t\t\t\t\t\t\t<\/div>\n\t\t\t\t<\/div>\n\t\t\t\t\t<\/div>\n\t\t<\/div>\n\t\t\t\t\t<\/div>\n\t\t<\/section>\n\t\t\t\t<section class=\"elementor-section elementor-inner-section elementor-element elementor-element-0b91174 elementor-section-boxed elementor-section-height-default elementor-section-height-default\" data-id=\"0b91174\" data-element_type=\"section\" data-e-type=\"section\">\n\t\t\t\t\t\t<div class=\"elementor-container elementor-column-gap-default\">\n\t\t\t\t\t<div class=\"elementor-column elementor-col-33 elementor-inner-column elementor-element elementor-element-7866fcd\" data-id=\"7866fcd\" data-element_type=\"column\" data-e-type=\"column\">\n\t\t\t<div class=\"elementor-widget-wrap elementor-element-populated\">\n\t\t\t\t\t\t<div class=\"elementor-element elementor-element-893fde5 elementor-widget elementor-widget-text-editor\" data-id=\"893fde5\" data-element_type=\"widget\" data-e-type=\"widget\" data-widget_type=\"text-editor.default\">\n\t\t\t\t<div class=\"elementor-widget-container\">\n\t\t\t\t\t\t\t\t\t<h3 class=\"elementor-image-box-title elementor-inline-editing pen\" style=\"margin-bottom: 20px; background-color: rgba(255, 255, 255, 0.9);\" data-elementor-setting-key=\"title_text\" data-elementor-inline-editing-toolbar=\"none\" data-pen-placeholder=\"Teclea aqu\u00ed...\"><strong>B\u00c1RBARA SUREDA<\/strong><br \/><em>PSIC\u00d2LOGA CL\u00cdNICA<\/em><\/h3>\t\t\t\t\t\t\t\t<\/div>\n\t\t\t\t<\/div>\n\t\t\t\t<div class=\"elementor-element elementor-element-02d5ac9 elementor-widget elementor-widget-text-editor\" data-id=\"02d5ac9\" data-element_type=\"widget\" data-e-type=\"widget\" data-widget_type=\"text-editor.default\">\n\t\t\t\t<div class=\"elementor-widget-container\">\n\t\t\t\t\t\t\t\t\t<p>Llicenciada en Psicologia (Universitat Aut\u00f2noma de Barcelona (UAB), 1992); m\u00e0ster en Medicina Conductual (UAB, 1992-94); m\u00e0ster en Psicologia de la Salut de l&#8217;Aprenentatge Hum\u00e0 (UAB, 1993-95).<\/p><p>Formaci\u00f3 complement\u00e0ria en Salut Mental en situacions de viol\u00e8ncia pol\u00edtica i cat\u00e0strofes (Universidad Complutense de Madrid, 2004-05) i en ter\u00e0pies de tercera generaci\u00f3 basades en Mindfulness.<\/p><p>Psic\u00f2loga Cl\u00ednica a la Unitat de Salut Mental Perinatal de l&#8217;Hospital Cl\u00ednic de Barcelona.<\/p><p>Psic\u00f2loga Cl\u00ednica en l&#8217;\u00e0mbit privat des del 1994.<\/p><p>Professora associada a la Facultat de Psicologia de la Universitat Aut\u00f2noma de Barcelona. Experi\u00e8ncia docent en diferents cursos, cursos de llicenciatura, postgraus, m\u00e0sters i formaci\u00f3 per a residents, tant en l&#8217;\u00e0mbit de la psicologia com en el d&#8217;altres \u00e0rees de la salut (infermeria o diferents especialitats m\u00e8diques).<\/p><p>Diverses publicacions en revistes nacionals i internacionals i en manuals professionals.<\/p><p>Membre de la Societat Catalana de Recerca i Ter\u00e0pia del Comportament (SCRITC), de la European Association of Behaviour and Cognitive Therapy (EABCT), de la Asociaci\u00f3n Espa\u00f1ola de Mindfulness (AEMIND) i de la Sociedad Espa\u00f1ola de Salut Mental Perinatal (MARES).<\/p><p>Terapeuta cognitiu-conductual\u00a0 reconeguda per la Societat Catalana de Recerca i Ter\u00e0pia del Comportament (SCRITC) i, des del 2007, per la European Association of Behaviour and Cognitive Therapy (EABCT).<\/p>\t\t\t\t\t\t\t\t<\/div>\n\t\t\t\t<\/div>\n\t\t\t\t\t<\/div>\n\t\t<\/div>\n\t\t\t\t<div class=\"elementor-column elementor-col-33 elementor-inner-column elementor-element elementor-element-065a587\" data-id=\"065a587\" data-element_type=\"column\" data-e-type=\"column\">\n\t\t\t<div class=\"elementor-widget-wrap\">\n\t\t\t\t\t\t\t<\/div>\n\t\t<\/div>\n\t\t\t\t<div class=\"elementor-column elementor-col-33 elementor-inner-column elementor-element elementor-element-4e35ae3\" data-id=\"4e35ae3\" data-element_type=\"column\" data-e-type=\"column\">\n\t\t\t<div class=\"elementor-widget-wrap elementor-element-populated\">\n\t\t\t\t\t\t<div class=\"elementor-element elementor-element-a5fbae1 elementor-invisible elementor-widget elementor-widget-raven-image\" data-id=\"a5fbae1\" data-element_type=\"widget\" data-e-type=\"widget\" data-settings=\"{&quot;_animation&quot;:&quot;slideInLeft&quot;}\" data-widget_type=\"raven-image.default\">\n\t\t\t\t<div class=\"elementor-widget-container\">\n\t\t\t\t\t\t\t<div class=\"raven-image\">\n\t\t\n\t\t\n\t\t<img loading=\"lazy\" decoding=\"async\" width=\"1181\" height=\"1720\" src=\"https:\/\/psiquiatriapsicologiabarcelona.com\/ca\/wp-content\/uploads\/2020\/07\/barbara-sureda1.png\" class=\"attachment-full size-full wp-image-913\" alt=\"\" srcset=\"https:\/\/psiquiatriapsicologiabarcelona.com\/ca\/wp-content\/uploads\/2020\/07\/barbara-sureda1.png 1181w, https:\/\/psiquiatriapsicologiabarcelona.com\/ca\/wp-content\/uploads\/2020\/07\/barbara-sureda1-206x300.png 206w, https:\/\/psiquiatriapsicologiabarcelona.com\/ca\/wp-content\/uploads\/2020\/07\/barbara-sureda1-703x1024.png 703w, https:\/\/psiquiatriapsicologiabarcelona.com\/ca\/wp-content\/uploads\/2020\/07\/barbara-sureda1-768x1119.png 768w, https:\/\/psiquiatriapsicologiabarcelona.com\/ca\/wp-content\/uploads\/2020\/07\/barbara-sureda1-1055x1536.png 1055w\" sizes=\"(max-width: 1181px) 100vw, 1181px\" \/>\t\t<\/div>\n\t\t\t\t\t\t<\/div>\n\t\t\t\t<\/div>\n\t\t\t\t\t<\/div>\n\t\t<\/div>\n\t\t\t\t\t<\/div>\n\t\t<\/section>\n\t\t\t\t<section class=\"elementor-section elementor-inner-section elementor-element elementor-element-4cb31c1 elementor-section-boxed elementor-section-height-default elementor-section-height-default\" data-id=\"4cb31c1\" data-element_type=\"section\" data-e-type=\"section\">\n\t\t\t\t\t\t<div class=\"elementor-container elementor-column-gap-default\">\n\t\t\t\t\t<div class=\"elementor-column elementor-col-33 elementor-inner-column elementor-element elementor-element-019ef89\" data-id=\"019ef89\" data-element_type=\"column\" data-e-type=\"column\">\n\t\t\t<div class=\"elementor-widget-wrap elementor-element-populated\">\n\t\t\t\t\t\t<div class=\"elementor-element elementor-element-0192749 elementor-invisible elementor-widget elementor-widget-raven-image\" data-id=\"0192749\" data-element_type=\"widget\" data-e-type=\"widget\" data-settings=\"{&quot;_animation&quot;:&quot;slideInLeft&quot;}\" data-widget_type=\"raven-image.default\">\n\t\t\t\t<div class=\"elementor-widget-container\">\n\t\t\t\t\t\t\t<div class=\"raven-image\">\n\t\t\n\t\t\n\t\t<img loading=\"lazy\" decoding=\"async\" width=\"1181\" height=\"1720\" src=\"https:\/\/psiquiatriapsicologiabarcelona.com\/ca\/wp-content\/uploads\/2021\/12\/m_teresa_bel.png\" class=\"attachment-full size-full wp-image-1239\" alt=\"\" srcset=\"https:\/\/psiquiatriapsicologiabarcelona.com\/ca\/wp-content\/uploads\/2021\/12\/m_teresa_bel.png 1181w, https:\/\/psiquiatriapsicologiabarcelona.com\/ca\/wp-content\/uploads\/2021\/12\/m_teresa_bel-206x300.png 206w, https:\/\/psiquiatriapsicologiabarcelona.com\/ca\/wp-content\/uploads\/2021\/12\/m_teresa_bel-703x1024.png 703w, https:\/\/psiquiatriapsicologiabarcelona.com\/ca\/wp-content\/uploads\/2021\/12\/m_teresa_bel-768x1119.png 768w, https:\/\/psiquiatriapsicologiabarcelona.com\/ca\/wp-content\/uploads\/2021\/12\/m_teresa_bel-1055x1536.png 1055w\" sizes=\"(max-width: 1181px) 100vw, 1181px\" \/>\t\t<\/div>\n\t\t\t\t\t\t<\/div>\n\t\t\t\t<\/div>\n\t\t\t\t\t<\/div>\n\t\t<\/div>\n\t\t\t\t<div class=\"elementor-column elementor-col-33 elementor-inner-column elementor-element elementor-element-dbd28ce\" data-id=\"dbd28ce\" data-element_type=\"column\" data-e-type=\"column\">\n\t\t\t<div class=\"elementor-widget-wrap\">\n\t\t\t\t\t\t\t<\/div>\n\t\t<\/div>\n\t\t\t\t<div class=\"elementor-column elementor-col-33 elementor-inner-column elementor-element elementor-element-363a640\" data-id=\"363a640\" data-element_type=\"column\" data-e-type=\"column\">\n\t\t\t<div class=\"elementor-widget-wrap elementor-element-populated\">\n\t\t\t\t\t\t<div class=\"elementor-element elementor-element-6c4a103 elementor-widget elementor-widget-text-editor\" data-id=\"6c4a103\" data-element_type=\"widget\" data-e-type=\"widget\" data-widget_type=\"text-editor.default\">\n\t\t\t\t<div class=\"elementor-widget-container\">\n\t\t\t\t\t\t\t\t\t<h3 class=\"elementor-image-box-title elementor-inline-editing pen\" data-elementor-setting-key=\"title_text\" data-elementor-inline-editing-toolbar=\"none\" data-pen-placeholder=\"Teclea aqu\u00ed...\"><strong>M\u00aa TERESA BEL<\/strong><\/h3><h3 class=\"elementor-image-box-title elementor-inline-editing pen\" data-elementor-setting-key=\"title_text\" data-elementor-inline-editing-toolbar=\"none\" data-pen-placeholder=\"Teclea aqu\u00ed...\"><em>METGESSA PSIQUIATRE<\/em><\/h3>\t\t\t\t\t\t\t\t<\/div>\n\t\t\t\t<\/div>\n\t\t\t\t<div class=\"elementor-element elementor-element-50d2488 elementor-widget elementor-widget-text-editor\" data-id=\"50d2488\" data-element_type=\"widget\" data-e-type=\"widget\" data-widget_type=\"text-editor.default\">\n\t\t\t\t<div class=\"elementor-widget-container\">\n\t\t\t\t\t\t\t\t\t<p class=\"p1\"><span class=\"s1\">Llicenciada en Psicologia per la <a href=\"https:\/\/www.ub.edu\/portal\/web\/psicologia\/\">Universitat de Barcelona<\/a> (1989).<br \/><\/span>M\u00e0ster en Psicologia Cl\u00ednica per la <a href=\"https:\/\/www.ub.edu\/portal\/web\/psicologia\/masters-universitaris\">Universitat de Barcelona<\/a> (1993).<br \/>Doctora en Psicologia per la <a href=\"https:\/\/www.ub.edu\/portal\/web\/psicologia\/\">Universitat de Barcelona<\/a> (2005).<br \/>T\u00edtol Oficial de Psicologia Especialista en Psicologia Cl\u00ednica de la Direcci\u00f3 General d&#8217;Universitats (2008).<\/p><p class=\"p1\"><span class=\"s1\">Experi\u00e8ncia hospital\u00e0ria a la sanitat p\u00fablica des del 1996 com a Psic\u00f2loga Especialista Consultora al Centre de Salut Mental. Psic\u00f2loga cl\u00ednica a la unitat especialitzada de refer\u00e8ncia de la S\u00edndrome de Sensibilitzaci\u00f3 Central (Fibromi\u00e0lgia i Fatiga Cr\u00f2nica) del Vall\u00e8s Oriental i Occidental. <\/span><\/p><p class=\"p1\"><span class=\"s1\">Psic\u00f2loga cl\u00ednica en la sanitat privada des de l&#8217;any 1993. Formaci\u00f3 en Ter\u00e0pia Congnitivo-Conductual i en Ter\u00e0pia Dial\u00e8ctica-Conductual amb una llarga experi\u00e8ncia en els \u00e0mbits de la psicologia de la salut, trastorns de l&#8217;ansietat i afectius, trastorns de la conducta aliment\u00e0ria, trastorns de la personalitat, dolor cr\u00f2nic, fibromi\u00e0lgia, ter\u00e0pia de parella i processos de dol. <\/span><\/p><p class=\"p1\"><span class=\"s1\">Professora associada de la <a href=\"https:\/\/www.ub.edu\/portal\/web\/dp-codesped\/directori\">Facultat de Psicologia de la Universitat de Barcelona<\/a> (2016-2021). Docent i tutora al M\u00e0ster de Psicopatologia Cl\u00ednica d&#8217;Adults de la Universitat Aut\u00f2noma de Barcelona (1998-2015). Docent dels residents de Medicina de Fam\u00edlia i Comunit\u00e0ria en l&#8217;especialitat de Salut Mental (1997-2009).<\/span><\/p><p class=\"p1\"><span class=\"s1\">Publicaci\u00f3 d&#8217;articles en revistes nacionals i internacionals i col\u00b7laboracions en cap\u00edtols de llibres sobre Guies Terap\u00e8utiques i Cl\u00edniques en Psiquiatria i Psicologia. Participaci\u00f3 com a ponent a m\u00e9s de trenta congressos nacionals i internacionals. <\/span><\/p><p class=\"p1\"><span class=\"s1\">Membre de la Societat Catalana de Ter\u00e0pia i Recerca del Comportament <a href=\"http:\/\/www.scritc.cat\/\"><em>SCRITC<\/em><\/a> i de la European Association of Behaviour and Cognitive Therapy <em><a href=\"https:\/\/eabct.eu\/\">EABCT<\/a>. <\/em><\/span><\/p><p>Va ser metge resident a l&#8217;Hospital Cl\u00ednic de Barcelona. D&#8217;aleshores en\u00e7\u00e0, ha dut a terme una pr\u00e0ctica cl\u00ednica ininterrompuda en tots els camps de la patologia psiqui\u00e0trica.<\/p><p>Entre el 1976 i el 2006 va ser professora de la Facultat de Medicina de la UB. Durant aquell per\u00edode, va organitzar i coordinar el Programa d&#8217;Atenci\u00f3 Psicol\u00f2gica als Estudiants de Medicina, un servei de car\u00e0cter assistencial, preventiu i d&#8217;investigaci\u00f3. Va rebre tamb\u00e9 l&#8217;acreditaci\u00f3 de l&#8217;Ag\u00e8ncia per a la Qualitat del Sistema Universitari de Catalunya (AQU) com a professora lectora i professora col\u00b7laboradora en Ci\u00e8ncies de la Salut.<\/p><p>Col\u00b7labora en nombrosos cursos de formaci\u00f3, en postgraus i m\u00e0sters, en particular en aquells que estan vinculats amb la medicina psicosom\u00e0tica, els estressors, g\u00e8nere i estressors laborals, i en la patologia psicosom\u00e0tica.<\/p><p>Aquesta activitat resta palesa com a autora de llibres, publicacions cient\u00edfiques i pon\u00e8ncies en congressos.<\/p><p>Ha col\u00b7laborat amb el m\u00f3n editorial cient\u00edfic com a traductora, informadora i assessora en temes de salut mental. Tamb\u00e9 ha signat col\u00b7laboracions espor\u00e0diques en premsa<\/p>\t\t\t\t\t\t\t\t<\/div>\n\t\t\t\t<\/div>\n\t\t\t\t\t<\/div>\n\t\t<\/div>\n\t\t\t\t\t<\/div>\n\t\t<\/section>\n\t\t\t\t<section class=\"elementor-section elementor-top-section elementor-element elementor-element-11a64fb elementor-section-boxed elementor-section-height-default elementor-section-height-default\" data-id=\"11a64fb\" data-element_type=\"section\" data-e-type=\"section\" data-settings=\"{&quot;background_background&quot;:&quot;classic&quot;}\">\n\t\t\t\t\t\t\t<div class=\"elementor-background-overlay\"><\/div>\n\t\t\t\t\t\t\t<div class=\"elementor-container elementor-column-gap-no\">\n\t\t\t\t\t<div class=\"elementor-column elementor-col-100 elementor-top-column elementor-element elementor-element-80b1963\" data-id=\"80b1963\" data-element_type=\"column\" data-e-type=\"column\">\n\t\t\t<div class=\"elementor-widget-wrap elementor-element-populated\">\n\t\t\t\t\t\t<div class=\"elementor-element elementor-element-5e40e79 elementor-mobile-align-center elementor-align-center elementor-widget elementor-widget-raven-heading\" data-id=\"5e40e79\" data-element_type=\"widget\" data-e-type=\"widget\" data-widget_type=\"raven-heading.default\">\n\t\t\t\t<div class=\"elementor-widget-container\">\n\t\t\t\t\t\t\t<div class=\"raven-widget-wrapper\"><h2 class=\"raven-heading raven-heading-h2\"><span class=\"raven-heading-title \">\u00c0mplia experi\u00e8ncia en el seguiment de pacients<\/span><\/h2><\/div>\n\t\t\t\t\t\t<\/div>\n\t\t\t\t<\/div>\n\t\t\t\t<section class=\"elementor-section elementor-inner-section elementor-element elementor-element-e6ee967 elementor-section-boxed elementor-section-height-default elementor-section-height-default\" data-id=\"e6ee967\" data-element_type=\"section\" data-e-type=\"section\">\n\t\t\t\t\t\t<div class=\"elementor-container elementor-column-gap-no\">\n\t\t\t\t\t<div class=\"elementor-column elementor-col-33 elementor-inner-column elementor-element elementor-element-19d0a14\" data-id=\"19d0a14\" data-element_type=\"column\" data-e-type=\"column\" data-settings=\"{&quot;background_background&quot;:&quot;classic&quot;}\">\n\t\t\t<div class=\"elementor-widget-wrap elementor-element-populated\">\n\t\t\t\t\t\t<div class=\"elementor-element elementor-element-f100321 elementor-position-top elementor-widget elementor-widget-image-box\" data-id=\"f100321\" data-element_type=\"widget\" data-e-type=\"widget\" data-widget_type=\"image-box.default\">\n\t\t\t\t<div class=\"elementor-widget-container\">\n\t\t\t\t\t<div class=\"elementor-image-box-wrapper\"><figure class=\"elementor-image-box-img\"><img loading=\"lazy\" decoding=\"async\" width=\"79\" height=\"95\" src=\"https:\/\/psiquiatriapsicologiabarcelona.com\/ca\/wp-content\/uploads\/2020\/07\/Equipo-experimentado.png\" class=\"elementor-animation-bob attachment-full size-full wp-image-728\" alt=\"\" \/><\/figure><div class=\"elementor-image-box-content\"><h3 class=\"elementor-image-box-title\">Equip experimentat<\/h3><p class=\"elementor-image-box-description\">Professionals especialitzats i amb una llarga traject\u00f2ria que garanteixen la millor atenci\u00f3 per a cada tipus de trastorn.<\/p><\/div><\/div>\t\t\t\t<\/div>\n\t\t\t\t<\/div>\n\t\t\t\t<div class=\"elementor-element elementor-element-2095159 elementor-widget elementor-widget-spacer\" data-id=\"2095159\" data-element_type=\"widget\" data-e-type=\"widget\" data-widget_type=\"spacer.default\">\n\t\t\t\t<div class=\"elementor-widget-container\">\n\t\t\t\t\t\t\t<div class=\"elementor-spacer\">\n\t\t\t<div class=\"elementor-spacer-inner\"><\/div>\n\t\t<\/div>\n\t\t\t\t\t\t<\/div>\n\t\t\t\t<\/div>\n\t\t\t\t\t<\/div>\n\t\t<\/div>\n\t\t\t\t<div class=\"elementor-column elementor-col-33 elementor-inner-column elementor-element elementor-element-f7f2f64\" data-id=\"f7f2f64\" data-element_type=\"column\" data-e-type=\"column\" data-settings=\"{&quot;background_background&quot;:&quot;classic&quot;}\">\n\t\t\t<div class=\"elementor-widget-wrap elementor-element-populated\">\n\t\t\t\t\t\t<div class=\"elementor-element elementor-element-1954899 elementor-position-top elementor-widget elementor-widget-image-box\" data-id=\"1954899\" data-element_type=\"widget\" data-e-type=\"widget\" data-widget_type=\"image-box.default\">\n\t\t\t\t<div class=\"elementor-widget-container\">\n\t\t\t\t\t<div class=\"elementor-image-box-wrapper\"><figure class=\"elementor-image-box-img\"><img loading=\"lazy\" decoding=\"async\" width=\"98\" height=\"98\" src=\"https:\/\/psiquiatriapsicologiabarcelona.com\/ca\/wp-content\/uploads\/2020\/07\/Tratamientos-personalizados.png\" class=\"elementor-animation-bob attachment-full size-full wp-image-729\" alt=\"\" \/><\/figure><div class=\"elementor-image-box-content\"><h3 class=\"elementor-image-box-title\">Tractaments personalitzats<\/h3><p class=\"elementor-image-box-description\">Cada pacient \u00e9s tan \u00fanic com ho \u00e9s el seu tractament. Atenem les necessitats del pacient m\u00e9s enll\u00e0 del seu diagn\u00f2stic, fixant-nos en la seva singularitat i adaptant els tractaments psicol\u00f2gics a cada cas en concret. <\/p><\/div><\/div>\t\t\t\t<\/div>\n\t\t\t\t<\/div>\n\t\t\t\t<div class=\"elementor-element elementor-element-ecce000 elementor-widget elementor-widget-spacer\" data-id=\"ecce000\" data-element_type=\"widget\" data-e-type=\"widget\" data-widget_type=\"spacer.default\">\n\t\t\t\t<div class=\"elementor-widget-container\">\n\t\t\t\t\t\t\t<div class=\"elementor-spacer\">\n\t\t\t<div class=\"elementor-spacer-inner\"><\/div>\n\t\t<\/div>\n\t\t\t\t\t\t<\/div>\n\t\t\t\t<\/div>\n\t\t\t\t\t<\/div>\n\t\t<\/div>\n\t\t\t\t<div class=\"elementor-column elementor-col-33 elementor-inner-column elementor-element elementor-element-3ab4619\" data-id=\"3ab4619\" data-element_type=\"column\" data-e-type=\"column\" data-settings=\"{&quot;background_background&quot;:&quot;classic&quot;}\">\n\t\t\t<div class=\"elementor-widget-wrap elementor-element-populated\">\n\t\t\t\t\t\t<div class=\"elementor-element elementor-element-8766f6a elementor-position-top elementor-widget elementor-widget-image-box\" data-id=\"8766f6a\" data-element_type=\"widget\" data-e-type=\"widget\" data-widget_type=\"image-box.default\">\n\t\t\t\t<div class=\"elementor-widget-container\">\n\t\t\t\t\t<div class=\"elementor-image-box-wrapper\"><figure class=\"elementor-image-box-img\"><img loading=\"lazy\" decoding=\"async\" width=\"97\" height=\"97\" src=\"https:\/\/psiquiatriapsicologiabarcelona.com\/ca\/wp-content\/uploads\/2020\/07\/Terapia-online_2-1.png\" class=\"elementor-animation-bob attachment-full size-full wp-image-727\" alt=\"\" \/><\/figure><div class=\"elementor-image-box-content\"><h3 class=\"elementor-image-box-title\">Ter\u00e0pia online<\/h3><p class=\"elementor-image-box-description\">Servei psicoterap\u00e8utic online pensat per a persones amb mobilitat redu\u00efda, de viatge o que no disposen de gaire temps. <\/p><\/div><\/div>\t\t\t\t<\/div>\n\t\t\t\t<\/div>\n\t\t\t\t<div class=\"elementor-element elementor-element-cb7004e elementor-widget elementor-widget-spacer\" data-id=\"cb7004e\" data-element_type=\"widget\" data-e-type=\"widget\" data-widget_type=\"spacer.default\">\n\t\t\t\t<div class=\"elementor-widget-container\">\n\t\t\t\t\t\t\t<div class=\"elementor-spacer\">\n\t\t\t<div class=\"elementor-spacer-inner\"><\/div>\n\t\t<\/div>\n\t\t\t\t\t\t<\/div>\n\t\t\t\t<\/div>\n\t\t\t\t\t<\/div>\n\t\t<\/div>\n\t\t\t\t\t<\/div>\n\t\t<\/section>\n\t\t\t\t\t<\/div>\n\t\t<\/div>\n\t\t\t\t\t<\/div>\n\t\t<\/section>\n\t\t\t\t<section class=\"elementor-section elementor-top-section elementor-element elementor-element-1cfe677 elementor-section-stretched elementor-section-height-min-height elementor-section-boxed elementor-section-height-default elementor-section-items-middle\" data-id=\"1cfe677\" data-element_type=\"section\" data-e-type=\"section\" data-settings=\"{&quot;stretch_section&quot;:&quot;section-stretched&quot;,&quot;background_background&quot;:&quot;classic&quot;}\">\n\t\t\t\t\t\t\t<div class=\"elementor-background-overlay\"><\/div>\n\t\t\t\t\t\t\t<div class=\"elementor-container elementor-column-gap-default\">\n\t\t\t\t\t<div class=\"elementor-column elementor-col-100 elementor-top-column elementor-element elementor-element-ac5069b\" data-id=\"ac5069b\" data-element_type=\"column\" data-e-type=\"column\">\n\t\t\t<div class=\"elementor-widget-wrap elementor-element-populated\">\n\t\t\t\t\t\t<div class=\"elementor-element elementor-element-7fd0319 elementor-align-center elementor-widget elementor-widget-raven-heading\" data-id=\"7fd0319\" data-element_type=\"widget\" data-e-type=\"widget\" data-widget_type=\"raven-heading.default\">\n\t\t\t\t<div class=\"elementor-widget-container\">\n\t\t\t\t\t\t\t<div class=\"raven-widget-wrapper\"><h4 class=\"raven-heading raven-heading-h4\"><span class=\"raven-heading-title \">Apunta a l'agenda<\/span><\/h4><\/div>\n\t\t\t\t\t\t<\/div>\n\t\t\t\t<\/div>\n\t\t\t\t<div class=\"elementor-element elementor-element-d2bc200 elementor-widget elementor-widget-text-editor\" data-id=\"d2bc200\" data-element_type=\"widget\" data-e-type=\"widget\" data-widget_type=\"text-editor.default\">\n\t\t\t\t<div class=\"elementor-widget-container\">\n\t\t\t\t\t\t\t\t\t<p class=\"p1\"><span class=\"s1\">Descobreix com podem ajudar-te<\/span><\/p>\t\t\t\t\t\t\t\t<\/div>\n\t\t\t\t<\/div>\n\t\t\t\t<div class=\"elementor-element elementor-element-8db5b24 elementor-widget elementor-widget-spacer\" data-id=\"8db5b24\" data-element_type=\"widget\" data-e-type=\"widget\" data-widget_type=\"spacer.default\">\n\t\t\t\t<div class=\"elementor-widget-container\">\n\t\t\t\t\t\t\t<div class=\"elementor-spacer\">\n\t\t\t<div class=\"elementor-spacer-inner\"><\/div>\n\t\t<\/div>\n\t\t\t\t\t\t<\/div>\n\t\t\t\t<\/div>\n\t\t\t\t<div class=\"elementor-element elementor-element-514f561 elementor-align-center elementor-mobile-align-center elementor-widget elementor-widget-raven-button\" data-id=\"514f561\" data-element_type=\"widget\" data-e-type=\"widget\" data-settings=\"{&quot;turn_to_popup_action_button&quot;:&quot;no&quot;}\" data-widget_type=\"raven-button.default\">\n\t\t\t\t<div class=\"elementor-widget-container\">\n\t\t\t\t\t\t\t<div class=\"raven-widget-wrapper\">\n\t\t\t<a class=\"raven-button raven-button-widget-normal-effect-none  raven-button-text-align-center raven-button-link elementor-animation-none\" href=\"http:\/\/contact\">\t\t\t\t<div class=\"raven-button-overlay\" ><\/div>\n\t\t\t\t<span class=\"raven-button-content\">\n\t\t\t\t\t\n\t\t\t\t\t<div class=\"button-text-container\">\n\t\t\t\t\t\t\t\t\t\t\t\t<div class=\"raven-button-texts-wrapper\">\n\t\t\t\t\t\t\t<div class=\"button-text\">\n\t\t\t\t\t\t\t\t<span class=\"raven-button-text\">\n\t\t\t\t\t\t\t\t\tPedir cita\t\t\t\t\t\t\t\t<\/span>\n\t\t\t\t\t\t\t<\/div>\n\t\t\t\t\t\t\t\t\t\t\t\t\t<\/div>\n\t\t\t\t\t\t\t\t\t\t\t<\/div>\n\t\t\t\t\t\n\t\t\t\t\t\t\t\t\t<\/span>\n\t\t\t<\/a>\t\t<\/div>\n\t\t\t\t\t\t<\/div>\n\t\t\t\t<\/div>\n\t\t\t\t\t<\/div>\n\t\t<\/div>\n\t\t\t\t\t<\/div>\n\t\t<\/section>\n\t\t\t\t<\/div>\n\t\t","protected":false},"excerpt":{"rendered":"<p>MANUEL VALD\u00c9SMETGE PSIQUIATRE Exerceix la psiquiatria general des de l&#8217;any 1974 amb una pr\u00e0ctica cl\u00ednica que integra tractaments psicofarmacol\u00f2gics, psicol\u00f2gics i conductuals. Forma part, des del 1980, del Servei de Psiquiatria i Psicologia\u00a0 de l&#8217;Hospital Cl\u00ednic de Barcelona. En aquest mateix centre va ser, entre 1984 i 2004, cap de secci\u00f3 de Medicina Psicosom\u00e0tica, cap [&hellip;]<\/p>\n","protected":false},"author":1,"featured_media":0,"parent":0,"menu_order":0,"comment_status":"closed","ping_status":"closed","template":"","meta":{"_acf_changed":false,"footnotes":""},"class_list":["post-16","page","type-page","status-publish","hentry"],"acf":[],"_links":{"self":[{"href":"https:\/\/psiquiatriapsicologiabarcelona.com\/ca\/wp-json\/wp\/v2\/pages\/16","targetHints":{"allow":["GET"]}}],"collection":[{"href":"https:\/\/psiquiatriapsicologiabarcelona.com\/ca\/wp-json\/wp\/v2\/pages"}],"about":[{"href":"https:\/\/psiquiatriapsicologiabarcelona.com\/ca\/wp-json\/wp\/v2\/types\/page"}],"author":[{"embeddable":true,"href":"https:\/\/psiquiatriapsicologiabarcelona.com\/ca\/wp-json\/wp\/v2\/users\/1"}],"replies":[{"embeddable":true,"href":"https:\/\/psiquiatriapsicologiabarcelona.com\/ca\/wp-json\/wp\/v2\/comments?post=16"}],"version-history":[{"count":40,"href":"https:\/\/psiquiatriapsicologiabarcelona.com\/ca\/wp-json\/wp\/v2\/pages\/16\/revisions"}],"predecessor-version":[{"id":1335,"href":"https:\/\/psiquiatriapsicologiabarcelona.com\/ca\/wp-json\/wp\/v2\/pages\/16\/revisions\/1335"}],"wp:attachment":[{"href":"https:\/\/psiquiatriapsicologiabarcelona.com\/ca\/wp-json\/wp\/v2\/media?parent=16"}],"curies":[{"name":"wp","href":"https:\/\/api.w.org\/{rel}","templated":true}]}}